{"id":1209,"date":"2025-02-28T13:46:44","date_gmt":"2025-02-28T12:46:44","guid":{"rendered":"https:\/\/mercan.wearespace.dk\/?page_id=1209"},"modified":"2025-02-28T14:12:57","modified_gmt":"2025-02-28T13:12:57","slug":"databehandling","status":"publish","type":"page","link":"https:\/\/mercan.nu\/en\/databehandling\/","title":{"rendered":"Databehandling"},"content":{"rendered":"<div data-elementor-type=\"wp-page\" data-elementor-id=\"1209\" class=\"elementor elementor-1209\" data-elementor-post-type=\"page\">\n\t\t\t\t<div class=\"elementor-element elementor-element-7eb6571 e-flex e-con-boxed e-con e-parent\" data-id=\"7eb6571\" data-element_type=\"container\" data-e-type=\"container\">\n\t\t\t\t\t<div class=\"e-con-inner\">\n\t\t\t\t<div class=\"elementor-element elementor-element-aea9d85 elementor-widget elementor-widget-heading\" data-id=\"aea9d85\" data-element_type=\"widget\" data-e-type=\"widget\" data-widget_type=\"heading.default\">\n\t\t\t\t\t<h1 class=\"elementor-heading-title elementor-size-default\">Databehandleraftale for Mercan ApS <\/h1>\t\t\t\t<\/div>\n\t\t\t\t<div class=\"elementor-element elementor-element-338d7c8 elementor-widget elementor-widget-text-editor\" data-id=\"338d7c8\" data-element_type=\"widget\" data-e-type=\"widget\" data-widget_type=\"text-editor.default\">\n\t\t\t\t\t\t\t\t\t<section class=\"legal_section__AqyaN\">\n<ol>\n \t<li><b> Indhold\u00a0<\/b><\/li>\n \t<li><span style=\"font-weight: 400;\"> Pr\u00e6ambel<\/span><span style=\"font-weight: 400;\">\n<\/span><span style=\"font-weight: 400;\">3. Den dataansvarliges rettigheder og forpligtelser<\/span><span style=\"font-weight: 400;\">\n<\/span><span style=\"font-weight: 400;\">4. Databehandleren handler efter instruks<\/span><span style=\"font-weight: 400;\">\n<\/span><span style=\"font-weight: 400;\">5. Fortrolighed<\/span><span style=\"font-weight: 400;\">\n<\/span><span style=\"font-weight: 400;\">6. Behandlingssikkerhed<\/span><span style=\"font-weight: 400;\">\n<\/span><span style=\"font-weight: 400;\">7. Anvendelse af underdatabehandlere<\/span><span style=\"font-weight: 400;\">\n<\/span><span style=\"font-weight: 400;\">8. Overf\u00f8rsel til tredjelande eller internationale organisationer<\/span><span style=\"font-weight: 400;\">\n<\/span><span style=\"font-weight: 400;\">9. Bistand til den dataansvarlige<\/span><span style=\"font-weight: 400;\">\n<\/span><span style=\"font-weight: 400;\">10. Underretning om brud pa\u030a persondatasikkerheden<\/span><span style=\"font-weight: 400;\">\n<\/span><span style=\"font-weight: 400;\">11. Sletning og returnering af oplysninger<\/span><span style=\"font-weight: 400;\">\n<\/span><span style=\"font-weight: 400;\">12. Revision, herunder inspektion<\/span><span style=\"font-weight: 400;\">\n<\/span><span style=\"font-weight: 400;\">13. Parternes aftale om andre forhold<\/span><span style=\"font-weight: 400;\">\n<\/span><span style=\"font-weight: 400;\">14. Ikrafttr\u00e6den og oph\u00f8r<\/span><span style=\"font-weight: 400;\">\n<\/span><span style=\"font-weight: 400;\">15. Kontaktpersoner hos den dataansvarlige og databehandleren\u00a0<\/span><\/li>\n<\/ol>\n<ol start=\"2\">\n \t<li><b> Pr\u00e6ambel\u00a0<\/b><\/li>\n<\/ol>\n<ol>\n \t<li style=\"font-weight: 400;\" aria-level=\"1\"><span style=\"font-weight: 400;\">Disse Bestemmelser fasts\u00e6tter databehandlerens rettigheder og forpligtelser, na\u030ar denne foretager behandling af personoplysninger pa\u030a vegne af den dataansvarlige.\u00a0<\/span><\/li>\n \t<li style=\"font-weight: 400;\" aria-level=\"1\"><span style=\"font-weight: 400;\">Disse bestemmelser er udformet med henblik pa\u030a parternes efterlevelse af artikel 28, stk. 3, i Europa-Parlamentets og Ra\u030adets forordning (EU) 2016\/679 af 27. april 2016 om beskyttelse af fysiske personer i forbindelse med behandling af personoplysninger og om fri udveksling af sa\u030adanne oplysninger og om oph\u00e6velse af direktiv 95\/46\/EF (databeskyttelsesforordningen).\u00a0<\/span><\/li>\n \t<li style=\"font-weight: 400;\" aria-level=\"1\"><span style=\"font-weight: 400;\">I forbindelse med leveringen af Applikationen Mercan behandler databehandleren personoplysninger pa\u030a vegne af den dataansvarlige i overensstemmelse med disse Bestemmelser.\u00a0<\/span><\/li>\n \t<li style=\"font-weight: 400;\" aria-level=\"1\"><span style=\"font-weight: 400;\">Bestemmelserne har forrang i forhold til eventuelle tilsvarende bestemmelser i andre aftaler mellem parterne.\u00a0<\/span><\/li>\n \t<li style=\"font-weight: 400;\" aria-level=\"1\"><span style=\"font-weight: 400;\">Der h\u00f8rer fire bilag til disse Bestemmelser, og bilagene udg\u00f8r en integreret del af Bestemmelserne.\u00a0<\/span><\/li>\n \t<li style=\"font-weight: 400;\" aria-level=\"1\"><span style=\"font-weight: 400;\">Bilag A indeholder n\u00e6rmere oplysninger om behandlingen af personoplysninger, herunder om behandlingens forma\u030al og karakter, typen af personoplysninger, kategorierne af registrerede og varighed af behandlingen.\u00a0<\/span><\/li>\n \t<li style=\"font-weight: 400;\" aria-level=\"1\"><span style=\"font-weight: 400;\">Bilag B indeholder den dataansvarliges betingelser for databehandlerens brug af underdatabehandlere og en liste af underdatabehandlere, som den dataansvarlige har godkendt brugen af.\u00a0<\/span><\/li>\n \t<li style=\"font-weight: 400;\" aria-level=\"1\"><span style=\"font-weight: 400;\">Bilag C indeholder den dataansvarliges instruks for sa\u030a vidt anga\u030ar databehandlerens behandling af personoplysninger, en beskrivelse af de sikkerhedsforanstaltninger, som databehandleren som minimum skal gennemf\u00f8re, og hvordan der f\u00f8res tilsyn med databehandleren og eventuelle underdatabehandlere.\u00a0<\/span><\/li>\n \t<li style=\"font-weight: 400;\" aria-level=\"1\"><span style=\"font-weight: 400;\">Bilag D indeholder bestemmelser vedr\u00f8rende andre aktiviteter, som ikke af omfattet af Bestemmelserne.\u00a0<\/span><\/li>\n \t<li style=\"font-weight: 400;\" aria-level=\"1\"><span style=\"font-weight: 400;\">Bestemmelserne med tilh\u00f8rende bilag skal opbevares skriftligt, herunder elektronisk, af begge parter.\u00a0<\/span><\/li>\n \t<li style=\"font-weight: 400;\" aria-level=\"1\"><span style=\"font-weight: 400;\">Disse Bestemmelser frig\u00f8r ikke databehandleren fra forpligtelser, som databehandleren er pa\u030alagt efter databeskyttelsesforordningen eller enhver anden lovgivning\u00a0<\/span><\/li>\n<\/ol>\n<ol start=\"3\">\n \t<li><b> Den dataansvarliges rettigheder og forpligtelser\u00a0<\/b><\/li>\n<\/ol>\n<ol>\n \t<li style=\"font-weight: 400;\" aria-level=\"1\"><span style=\"font-weight: 400;\">Den dataansvarlige er ansvarlig for at sikre, at behandlingen af personoplysninger sker i overensstemmelse med databeskyttelsesforordningen (se forordningens artikel 24),\u00a0<\/span><\/li>\n<\/ol>\n<span style=\"font-weight: 400;\">databeskyttelsesbestemmelser i anden EU-ret eller medlemsstaternes<\/span> <span style=\"font-weight: 400;\">nationale ret og disse Bestemmelser.\u00a0<\/span>\n<ol>\n \t<li style=\"font-weight: 400;\" aria-level=\"1\"><span style=\"font-weight: 400;\">Den dataansvarlige har ret og pligt til at tr\u00e6ffe beslutninger om, til hvilke(t) forma\u030al og med hvilke hj\u00e6lpemidler, der ma\u030a ske behandling af personoplysninger.\u00a0<\/span><\/li>\n \t<li style=\"font-weight: 400;\" aria-level=\"1\"><span style=\"font-weight: 400;\">Den dataansvarlige er ansvarlig for, blandt andet, at sikre, at der er et behandlingsgrundlag for behandlingen af personoplysninger, som databehandleren instrueres i at foretage.\u00a0<\/span><\/li>\n<\/ol>\n<ol start=\"4\">\n \t<li><b> Databehandleren handler efter instruks\u00a0<\/b><\/li>\n<\/ol>\n<ol>\n \t<li style=\"font-weight: 400;\" aria-level=\"1\"><span style=\"font-weight: 400;\">Databehandleren ma\u030a kun behandle personoplysninger efter dokumenteret instruks fra den dataansvarlige, medmindre det kr\u00e6ves i henhold til EU-ret eller medlemsstaternes nationale ret, som databehandleren er underlagt. Denne instruks skal v\u00e6re specificeret i bilag A og C. Efterf\u00f8lgende instruks kan ogsa\u030a gives af den dataansvarlige, mens der sker behandling af personoplysninger, men instruksen skal altid v\u00e6re dokumenteret og opbevares skriftligt, herunder elektronisk, sammen med disse Bestemmelser.\u00a0<\/span><\/li>\n \t<li style=\"font-weight: 400;\" aria-level=\"1\"><span style=\"font-weight: 400;\">Databehandleren underretter omga\u030aende den dataansvarlige, hvis en instruks efter vedkommendes mening er i strid med denne forordning eller databeskyttelsesbestemmelser i anden EU-ret eller medlemsstaternes nationale ret.\u00a0<\/span><\/li>\n<\/ol>\n<ol start=\"5\">\n \t<li><b> Fortrolighed\u00a0<\/b><\/li>\n<\/ol>\n<ol>\n \t<li style=\"font-weight: 400;\" aria-level=\"1\"><span style=\"font-weight: 400;\">Databehandleren ma\u030a kun give adgang til personoplysninger, som behandles pa\u030a den dataansvarliges vegne, til personer, som er underlagt databehandlerens instruktionsbef\u00f8jelser, som har forpligtet sig til fortrolighed eller er underlagt en passende lovbestemt tavshedspligt, og kun i det n\u00f8dvendige omfang. Listen af personer, som har fa\u030aet tildelt adgang, skal l\u00f8bende gennemga\u030as. Pa\u030a baggrund af denne gennemgang kan adgangen til personoplysninger lukkes, hvis adgangen ikke l\u00e6ngere er n\u00f8dvendig, og personoplysningerne skal herefter ikke l\u00e6ngere v\u00e6re tilg\u00e6ngelige for disse personer.\u00a0<\/span><\/li>\n \t<li style=\"font-weight: 400;\" aria-level=\"1\"><span style=\"font-weight: 400;\">Databehandleren skal efter anmodning fra den dataansvarlige kunne pa\u030avise, at de pa\u030ag\u00e6ldende personer, som er underlagt databehandlerens instruktionsbef\u00f8jelser, er underlagt ovenn\u00e6vnte tavshedspligt.\u00a0<\/span><\/li>\n<\/ol>\n<ol start=\"6\">\n \t<li><b> Behandlingssikkerhed\u00a0<\/b><\/li>\n \t<li><span style=\"font-weight: 400;\"> Databeskyttelsesforordningens artikel 32 fastsla\u030ar, at den dataansvarlige og databehandleren, under hensyntagen til det aktuelle tekniske niveau, implementeringsomkostningerne og den pa\u030ag\u00e6ldende behandlings karakter, omfang, sammenh\u00e6ng og forma\u030al samt risiciene af varierende sandsynlighed og alvor for fysiske personers rettigheder og frihedsrettigheder, gennemf\u00f8rer passende tekniske og organisatoriske foranstaltninger for at sikre et beskyttelsesniveau, der passer til disse risici.\u00a0<\/span><\/li>\n<\/ol>\n<span style=\"font-weight: 400;\">Den dataansvarlige skal vurdere risiciene for fysiske personers rettigheder og frihedsrettigheder som behandlingen udg\u00f8r og gennemf\u00f8re foranstaltninger for at im\u00f8dega\u030a disse risici. Afh\u00e6ngig af deres relevans kan det omfatte:\u00a0<\/span>\n<ol>\n \t<li style=\"font-weight: 400;\" aria-level=\"1\"><span style=\"font-weight: 400;\">Pseudonymisering og kryptering af personoplysninger\u00a0<\/span><\/li>\n \t<li style=\"font-weight: 400;\" aria-level=\"1\"><span style=\"font-weight: 400;\">evne til at sikre vedvarende fortrolighed, integritet, tilg\u00e6ngelighed og robusthed af behandlingssystemer og -tjenester\u00a0<\/span><\/li>\n \t<li style=\"font-weight: 400;\" aria-level=\"1\"><span style=\"font-weight: 400;\">evne til rettidigt at genoprette tilg\u00e6ngeligheden af og adgangen til personoplysninger i tilf\u00e6lde af en fysisk eller teknisk h\u00e6ndelse\u00a0<\/span><\/li>\n \t<li style=\"font-weight: 400;\" aria-level=\"1\"><span style=\"font-weight: 400;\">en procedure for regelm\u00e6ssig afpr\u00f8vning, vurdering og evaluering af effektiviteten af de tekniske og organisatoriske foranstaltninger til sikring af behandlingssikkerhed.\u00a0<\/span><\/li>\n<\/ol>\n<ol>\n \t<li style=\"font-weight: 400;\" aria-level=\"1\"><span style=\"font-weight: 400;\">Efter forordningens artikel 32 skal databehandleren \u2013 uafh\u00e6ngigt af den dataansvarlige \u2013 ogsa\u030a vurdere risiciene for fysiske personers rettigheder som behandlingen udg\u00f8r og gennemf\u00f8re foranstaltninger for at im\u00f8dega\u030a disse risici. Med henblik pa\u030a denne vurdering skal den dataansvarlige stille den n\u00f8dvendige information til ra\u030adighed for databehandleren som g\u00f8r vedkommende i stand til at identificere og vurdere sa\u030adanne risici.\u00a0<\/span><\/li>\n \t<li style=\"font-weight: 400;\" aria-level=\"1\"><span style=\"font-weight: 400;\">Derudover skal databehandleren bista\u030a den dataansvarlige med vedkommendes overholdelse af den dataansvarliges forpligtelse efter forordningens artikel 32, ved bl.a. at stille den n\u00f8dvendige information til ra\u030adighed for den dataansvarlige vedr\u00f8rende de tekniske og organisatoriske sikkerhedsforanstaltninger, som databehandleren allerede har gennemf\u00f8rt i henhold til forordningens artikel 32, og al anden information, der er n\u00f8dvendig for den dataansvarliges overholdelse af sin forpligtelse efter forordningens artikel 32.\u00a0<\/span><\/li>\n<\/ol>\n<span style=\"font-weight: 400;\">Hvis im\u00f8dega\u030aelse af de identificerede risici \u2013 efter den dataansvarliges vurdering \u2013 kr\u00e6ver gennemf\u00f8relse af yderligere foranstaltninger end de foranstaltninger, som databehandleren allerede har gennemf\u00f8rt, skal den dataansvarlige angive de yderligere foranstaltninger, der skal gennemf\u00f8res, i bilag C.\u00a0<\/span>\n<ol start=\"7\">\n \t<li><b> Anvendelse af underdatabehandlere\u00a0<\/b><\/li>\n<\/ol>\n<ol>\n \t<li style=\"font-weight: 400;\" aria-level=\"1\"><span style=\"font-weight: 400;\">Databehandleren skal opfylde de betingelser, der er omhandlet i databeskyttelsesforordningens artikel 28, stk. 2, og stk. 4, for at g\u00f8re brug af en anden databehandler (en underdatabehandler).\u00a0<\/span><\/li>\n \t<li style=\"font-weight: 400;\" aria-level=\"1\"><span style=\"font-weight: 400;\">Databehandleren ma\u030a sa\u030aledes ikke g\u00f8re brug af en underdatabehandler til opfyldelse af disse Bestemmelser uden forudga\u030aende generel skriftlig godkendelse fra den dataansvarlige.\u00a0<\/span><\/li>\n \t<li style=\"font-weight: 400;\" aria-level=\"1\"><span style=\"font-weight: 400;\">Databehandleren har den dataansvarliges generelle godkendelse til brug af underdatabehandlere. Databehandleren skal skriftligt underrette den dataansvarlige om eventuelle planlagte \u00e6ndringer vedr\u00f8rende tilf\u00f8jelse eller udskiftning af underdatabehandlere med mindst 30 dages varsel og derved give den dataansvarlige mulighed for at g\u00f8re indsigelse mod sa\u030adanne \u00e6ndringer inden brugen af de(n) omhandlede underdatabehandler(e). L\u00e6ngere varsel for underretning i forbindelse med specifikke behandlingsaktiviteter kan angives i bilag B. Listen over underdatabehandlere, som den dataansvarlige allerede har godkendt, fremga\u030ar af bilag B.\u00a0<\/span><\/li>\n<\/ol>\n<ol start=\"4\">\n \t<li><span style=\"font-weight: 400;\"> Na\u030ar databehandleren g\u00f8r brug af en underdatabehandler i forbindelse med udf\u00f8relse af specifikke behandlingsaktiviteter pa\u030a vegne af den dataansvarlige, skal databehandleren, gennem en kontrakt eller andet retligt dokument i henhold til EU-retten eller medlemsstaternes nationale ret, pa\u030al\u00e6gge underdatabehandleren de samme databeskyttelsesforpligtelser som dem, der fremga\u030ar af disse Bestemmelser, hvorved der navnlig stilles de forn\u00f8dne garantier for, at underdatabehandleren vil gennemf\u00f8re de tekniske og organisatoriske foranstaltninger pa\u030a en sa\u030adan ma\u030ade, at behandlingen overholder kravene i disse Bestemmelser og databeskyttelsesforordningen.\u00a0<\/span><\/li>\n<\/ol>\n<span style=\"font-weight: 400;\">Databehandleren er derfor ansvarlig for at kr\u00e6ve, at underdatabehandleren som minimum overholder databehandlerens forpligtelser efter disse Bestemmelser og databeskyttelsesforordningen.\u00a0<\/span>\n<ol>\n \t<li style=\"font-weight: 400;\" aria-level=\"1\"><span style=\"font-weight: 400;\">Underdatabehandleraftale(r) og eventuelle senere \u00e6ndringer hertil sendes \u2013 efter den dataansvarliges anmodning herom \u2013 i kopi til den dataansvarlige, som herigennem har mulighed for at sikre sig, at tilsvarende databeskyttelsesforpligtelser som f\u00f8lger af disse Bestemmelser er pa\u030alagt underdatabehandleren. Bestemmelser om kommercielle vilka\u030ar, som ikke pa\u030avirker det databeskyttelsesretlige indhold af underdatabehandleraftalen, skal ikke sendes til den dataansvarlige.\u00a0<\/span><\/li>\n \t<li style=\"font-weight: 400;\" aria-level=\"1\"><span style=\"font-weight: 400;\">Hvis underdatabehandleren ikke opfylder sine databeskyttelsesforpligtelser, forbliver databehandleren fuldt ansvarlig over for den dataansvarlige for opfyldelsen af underdatabehandlerens forpligtelser. Dette pa\u030avirker ikke de registreredes rettigheder, der f\u00f8lger af databeskyttelsesforordningen, herunder s\u00e6rligt forordningens artikel 79 og 82, over for den dataansvarlige og databehandleren, herunder underdatabehandleren.\u00a0<\/span><\/li>\n<\/ol>\n<ol start=\"8\">\n \t<li><b> Overf\u00f8rsel til tredjelande eller internationale organisationer\u00a0<\/b><\/li>\n<\/ol>\n<ol>\n \t<li style=\"font-weight: 400;\" aria-level=\"1\"><span style=\"font-weight: 400;\">Enhver overf\u00f8rsel af personoplysninger til tredjelande eller internationale organisationer ma\u030a kun foretages af databehandleren pa\u030a baggrund af dokumenteret instruks herom fra den dataansvarlige og skal altid ske i overensstemmelse med databeskyttelsesforordningens kapitel V.\u00a0<\/span><\/li>\n \t<li style=\"font-weight: 400;\" aria-level=\"1\"><span style=\"font-weight: 400;\">Hvis overf\u00f8rsel af personoplysninger til tredjelande eller internationale organisationer, som databehandleren ikke er blevet instrueret i at foretage af den dataansvarlige, kr\u00e6ves i henhold til EU-ret eller medlemsstaternes nationale ret, som databehandleren er underlagt, skal databehandleren underrette den dataansvarlige om dette retlige krav inden behandling, medmindre den pa\u030ag\u00e6ldende ret forbyder en sa\u030adan underretning af hensyn til vigtige samfundsm\u00e6ssige interesser.\u00a0<\/span><\/li>\n \t<li style=\"font-weight: 400;\" aria-level=\"1\"><span style=\"font-weight: 400;\">Uden dokumenteret instruks fra den dataansvarlige kan databehandleren sa\u030aledes ikke inden for rammerne af disse Bestemmelser:\u00a0<\/span><\/li>\n<\/ol>\n<ol>\n \t<li><span style=\"font-weight: 400;\"> overf\u00f8re personoplysninger til en dataansvarlig eller databehandler i et tredjeland eller en international organisation\u00a0<\/span><\/li>\n<\/ol>\n<ol>\n \t<li style=\"font-weight: 400;\" aria-level=\"2\"><span style=\"font-weight: 400;\">overlade behandling af personoplysninger til en underdatabehandler i et tredjeland\u00a0<\/span><\/li>\n \t<li style=\"font-weight: 400;\" aria-level=\"2\"><span style=\"font-weight: 400;\">behandle personoplysningerne i et tredjeland\u00a0<\/span><\/li>\n<\/ol>\n<ol>\n \t<li style=\"font-weight: 400;\" aria-level=\"1\"><span style=\"font-weight: 400;\">Den dataansvarliges instruks vedr\u00f8rende overf\u00f8rsel af personoplysninger til et tredjeland, herunder det eventuelle overf\u00f8rselsgrundlag i databeskyttelsesforordningens kapitel V, som overf\u00f8rslen er baseret pa\u030a, skal angives i bilag C.6.\u00a0<\/span><\/li>\n \t<li style=\"font-weight: 400;\" aria-level=\"1\"><span style=\"font-weight: 400;\">Disse Bestemmelser skal ikke forveksles med standardkontraktsbestemmelser som omhandlet i databeskyttelsesforordningens artikel 46, stk. 2, litra c og d, og disse Bestemmelser kan ikke udg\u00f8re et grundlag for overf\u00f8rsel af personoplysninger som omhandlet i databeskyttelsesforordningens kapitel V.\u00a0<\/span><\/li>\n<\/ol>\n<ol start=\"9\">\n \t<li><b> Bistand til den dataansvarlige\u00a0<\/b><\/li>\n \t<li><span style=\"font-weight: 400;\"> Databehandleren bista\u030ar, under hensyntagen til behandlingens karakter, sa\u030a vidt muligt den dataansvarlige ved hj\u00e6lp af passende tekniske og organisatoriske foranstaltninger med opfyldelse af den dataansvarliges forpligtelse til at besvare anmodninger om ud\u00f8velsen af de registreredes rettigheder som fastlagt i databeskyttelsesforordningens kapitel III.\u00a0<\/span><\/li>\n<\/ol>\n<span style=\"font-weight: 400;\">Dette indeb\u00e6rer, at databehandleren sa\u030a vidt muligt skal bista\u030a den dataansvarlige i forbindelse med, at den dataansvarlige skal sikre overholdelsen af:\u00a0<\/span>\n<ol>\n \t<li style=\"font-weight: 400;\" aria-level=\"1\"><span style=\"font-weight: 400;\">oplysningspligten ved indsamling af personoplysninger hos den registrerede\u00a0<\/span><\/li>\n \t<li style=\"font-weight: 400;\" aria-level=\"1\"><span style=\"font-weight: 400;\">oplysningspligten, hvis personoplysninger ikke er indsamlet hos den registrerede\u00a0<\/span><\/li>\n \t<li style=\"font-weight: 400;\" aria-level=\"1\"><span style=\"font-weight: 400;\">indsigtsretten\u00a0<\/span><\/li>\n \t<li style=\"font-weight: 400;\" aria-level=\"1\"><span style=\"font-weight: 400;\">retten til berigtigelse\u00a0<\/span><\/li>\n \t<li style=\"font-weight: 400;\" aria-level=\"1\"><span style=\"font-weight: 400;\">retten til sletning (\u201dretten til at blive glemt\u201d)\u00a0<\/span><\/li>\n \t<li style=\"font-weight: 400;\" aria-level=\"1\"><span style=\"font-weight: 400;\">retten til begr\u00e6nsning af behandling\u00a0<\/span><\/li>\n \t<li style=\"font-weight: 400;\" aria-level=\"1\"><span style=\"font-weight: 400;\">underretningspligten i forbindelse med berigtigelse eller sletning af personoplysninger\u00a0<\/span><\/li>\n<\/ol>\n<span style=\"font-weight: 400;\">eller begr\u00e6nsning af behandling\u00a0<\/span>\n<ol>\n \t<li style=\"font-weight: 400;\" aria-level=\"1\"><span style=\"font-weight: 400;\">retten til dataportabilitet\u00a0<\/span><\/li>\n \t<li style=\"font-weight: 400;\" aria-level=\"1\"><span style=\"font-weight: 400;\">retten til indsigelse\u00a0<\/span><\/li>\n \t<li style=\"font-weight: 400;\" aria-level=\"1\"><span style=\"font-weight: 400;\">retten til ikke at v\u00e6re genstand for en afg\u00f8relse, der alene er baseret pa\u030a automatisk\u00a0<\/span><\/li>\n<\/ol>\n<span style=\"font-weight: 400;\">behandling, herunder profilering\u00a0<\/span>\n<ol start=\"2\">\n \t<li><span style=\"font-weight: 400;\"> I till\u00e6g til databehandlerens forpligtelse til at bista\u030a den dataansvarlige i henhold til Bestemmelse 6.3., bista\u030ar databehandleren endvidere, under hensyntagen til behandlingens karakter og de oplysninger, der er tilg\u00e6ngelige for databehandleren, den dataansvarlige med:\u00a0<\/span><\/li>\n<\/ol>\n<ol>\n \t<li style=\"font-weight: 400;\" aria-level=\"1\"><span style=\"font-weight: 400;\">den dataansvarliges forpligtelse til uden un\u00f8dig forsinkelse og om muligt senest 72 timer, efter at denne er blevet bekendt med det, at anmelde brud pa\u030a persondatasikkerheden til den kompetente tilsynsmyndighed, datatilsynet, medmindre at det er usandsynligt, at bruddet pa\u030a persondatasikkerheden indeb\u00e6rer en risiko for fysiske personers rettigheder eller frihedsrettigheder\u00a0<\/span><\/li>\n \t<li style=\"font-weight: 400;\" aria-level=\"1\"><span style=\"font-weight: 400;\">den dataansvarliges forpligtelse til uden un\u00f8dig forsinkelse at underrette den registrerede om brud pa\u030a persondatasikkerheden, na\u030ar bruddet sandsynligvis vil medf\u00f8re en h\u00f8j risiko for fysiske personers rettigheder og frihedsrettigheder\u00a0<\/span><\/li>\n \t<li style=\"font-weight: 400;\" aria-level=\"1\"><span style=\"font-weight: 400;\">den dataansvarliges forpligtelse til forud for behandlingen at foretage en analyse af de pa\u030at\u00e6nkte behandlingsaktiviteters konsekvenser for beskyttelse af personoplysninger (en konsekvensanalyse)\u00a0<\/span><\/li>\n<\/ol>\n<ol>\n \t<li><span style=\"font-weight: 400;\"> den dataansvarliges forpligtelse til at h\u00f8re den kompetente tilsynsmyndighed, datatilsynet, inden behandling, sa\u030afremt en konsekvensanalyse vedr\u00f8rende databeskyttelse viser, at behandlingen vil f\u00f8re til h\u00f8j risiko i mangel af foranstaltninger truffet af den dataansvarlige for at begr\u00e6nse risikoen.\u00a0<\/span><\/li>\n \t<li><span style=\"font-weight: 400;\"> Parterne skal i bilag C angive de forn\u00f8dne tekniske og organisatoriske foranstaltninger, hvormed databehandleren skal bista\u030a den dataansvarlige samt i hvilket omfang og udstr\u00e6kning. Det g\u00e6lder for de forpligtelser, der f\u00f8lger af Bestemmelse 9.1. og 9.2.\u00a0<\/span><\/li>\n \t<li><b> Underretning om brud pa\u030a persondatasikkerheden\u00a0<\/b><\/li>\n<\/ol>\n<ol>\n \t<li style=\"font-weight: 400;\" aria-level=\"1\"><span style=\"font-weight: 400;\">Databehandleren underretter uden un\u00f8dig forsinkelse den dataansvarlige efter at v\u00e6re blevet opm\u00e6rksom pa\u030a, at der er sket et brud pa\u030a persondatasikkerheden.\u00a0<\/span><\/li>\n \t<li style=\"font-weight: 400;\" aria-level=\"1\"><span style=\"font-weight: 400;\">Databehandlerens underretning til den dataansvarlige skal om muligt ske senest 72 timer efter, at denne er blevet bekendt med bruddet, sa\u030adan at den dataansvarlige kan overholde sin forpligtelse til at anmelde bruddet pa\u030a persondatasikkerheden til den kompetente tilsynsmyndighed, jf. databeskyttelsesforordningens artikel 33.\u00a0<\/span><\/li>\n \t<li style=\"font-weight: 400;\" aria-level=\"1\"><span style=\"font-weight: 400;\">I overensstemmelse med Bestemmelse 9.2.a skal databehandleren bista\u030a den dataansvarlige med at foretage anmeldelse af bruddet til den kompetente tilsynsmyndighed. Det betyder, at databehandleren skal bista\u030a med at tilvejebringe nedensta\u030aende information, som if\u00f8lge artikel 33, stk. 3, skal fremga\u030a af den dataansvarliges anmeldelse af bruddet til den kompetente tilsynsmyndighed:\u00a0<\/span>\n<ol>\n \t<li style=\"font-weight: 400;\" aria-level=\"2\"><span style=\"font-weight: 400;\">karakteren af bruddet pa\u030a persondatasikkerheden, herunder, hvis det er muligt, kategorierne og det omtrentlige antal ber\u00f8rte registrerede samt kategorierne og det omtrentlige antal ber\u00f8rte registreringer af personoplysninger\u00a0<\/span><\/li>\n \t<li style=\"font-weight: 400;\" aria-level=\"2\"><span style=\"font-weight: 400;\">de sandsynlige konsekvenser af bruddet pa\u030a persondatasikkerheden\u00a0<\/span><\/li>\n \t<li style=\"font-weight: 400;\" aria-level=\"2\"><span style=\"font-weight: 400;\">de foranstaltninger, som den dataansvarlige har truffet eller foresla\u030ar truffet for at ha\u030andtere bruddet pa\u030a persondatasikkerheden, herunder, hvis det er relevant, foranstaltninger for at begr\u00e6nse dets mulige skadevirkninger.\u00a0<\/span><\/li>\n<\/ol>\n<\/li>\n \t<li style=\"font-weight: 400;\" aria-level=\"1\"><span style=\"font-weight: 400;\">Parterne skal i bilag C angive den information, som databehandleren skal tilvejebringe i forbindelse med sin bistand til den dataansvarlige i dennes forpligtelse til at anmelde brud pa\u030a persondatasikkerheden til den kompetente tilsynsmyndighed.\u00a0<\/span><\/li>\n<\/ol>\n<ol start=\"11\">\n \t<li><b> Sletning og returnering af oplysninger\u00a0<\/b><\/li>\n \t<li><span style=\"font-weight: 400;\"> Ved oph\u00f8r af tjenesterne vedr\u00f8rende behandling af personoplysninger, er databehandleren forpligtet til at slette alle personoplysninger, der er blevet behandlet pa\u030a vegne af den dataansvarlige og bekr\u00e6fte over for den dataansvarlig, at oplysningerne er slettet.\u00a0<\/span><\/li>\n \t<li><b> Revision, herunder inspektion\u00a0<\/b><\/li>\n \t<li><span style=\"font-weight: 400;\"> Databehandleren stiller alle oplysninger, der er n\u00f8dvendige for at pa\u030avise overholdelsen af databeskyttelsesforordningens artikel 28 og disse Bestemmelser, til ra\u030adighed for den dataansvarlige og giver mulighed for og bidrager til revisioner, herunder inspektioner, der foretages af den dataansvarlige eller en anden revisor, som er bemyndiget af den dataansvarlige.\u00a0<\/span><\/li>\n<\/ol>\n<ol>\n \t<li style=\"font-weight: 400;\" aria-level=\"1\"><span style=\"font-weight: 400;\">Procedurerne for den dataansvarliges revisioner, herunder inspektioner, med databehandleren og underdatabehandlere er n\u00e6rmeret angivet i Bilag C.7. og C.8.\u00a0<\/span><\/li>\n \t<li style=\"font-weight: 400;\" aria-level=\"1\"><span style=\"font-weight: 400;\">Databehandleren er forpligtet til at give tilsynsmyndigheder, som efter g\u00e6ldende lovgivningen har adgang til den dataansvarliges eller databehandlerens faciliteter, eller repr\u00e6sentanter, der optr\u00e6der pa\u030a tilsynsmyndighedens vegne, adgang til databehandlerens fysiske faciliteter mod beh\u00f8rig legitimation.\u00a0<\/span><\/li>\n<\/ol>\n<ol start=\"13\">\n \t<li><b> Parternes aftale om andre forhold\u00a0<\/b><\/li>\n \t<li><span style=\"font-weight: 400;\"> Parterne kan aftale andre bestemmelser vedr\u00f8rende tjenesten vedr\u00f8rende behandling af personoplysninger om f.eks. erstatningsansvar, sa\u030a l\u00e6nge disse andre bestemmelser ikke direkte eller indirekte strider imod Bestemmelserne eller forringer den registreredes grundl\u00e6ggende rettigheder og frihedsrettigheder, som f\u00f8lger af databeskyttelsesforordningen.\u00a0<\/span><\/li>\n \t<li><b> Ikrafttr\u00e6den og oph\u00f8r\u00a0<\/b><\/li>\n<\/ol>\n<ol>\n \t<li style=\"font-weight: 400;\" aria-level=\"1\"><span style=\"font-weight: 400;\">Bestemmelserne tr\u00e6der i kraft pa\u030a datoen for begge parters underskrift heraf.\u00a0<\/span><\/li>\n \t<li style=\"font-weight: 400;\" aria-level=\"1\"><span style=\"font-weight: 400;\">Begge parter kan kr\u00e6ve Bestemmelserne genforhandlet, hvis lov\u00e6ndringer eller uhensigtsm\u00e6ssigheder i Bestemmelserne giver anledning hertil.\u00a0<\/span><\/li>\n \t<li style=\"font-weight: 400;\" aria-level=\"1\"><span style=\"font-weight: 400;\">Bestemmelserne er g\u00e6ldende, sa\u030a l\u00e6nge tjenesten vedr\u00f8rende behandling af personoplysninger varer. I denne periode kan Bestemmelserne ikke opsiges, medmindre andre bestemmelser, der regulerer levering af tjenesten vedr\u00f8rende behandling af personoplysninger, aftales mellem parterne.\u00a0<\/span><\/li>\n \t<li style=\"font-weight: 400;\" aria-level=\"1\"><span style=\"font-weight: 400;\">Hvis levering af tjenesterne vedr\u00f8rende behandling af personoplysninger oph\u00f8rer, og personoplysningerne er slettet eller returneret til den dataansvarlige i overensstemmelse med Bestemmelse 11.1 og Bilag C.4, kan Bestemmelserne opsiges med skriftlig varsel af begge parter. <\/span><\/li>\n<\/ol>\n<\/section>\t\t\t\t\t\t\t\t<\/div>\n\t\t\t\t\t<\/div>\n\t\t\t\t<\/div>\n\t\t\t\t<\/div>","protected":false},"excerpt":{"rendered":"<p>Databehandleraftale for Mercan ApS Indhold\u00a0 Pr\u00e6ambel 3. Den dataansvarliges rettigheder og forpligtelser 4. Databehandleren handler efter instruks 5. Fortrolighed 6. Behandlingssikkerhed 7. Anvendelse af underdatabehandlere 8. Overf\u00f8rsel til tredjelande eller internationale organisationer 9. Bistand til den dataansvarlige 10. Underretning om brud pa\u030a persondatasikkerheden 11. Sletning og returnering af oplysninger 12. Revision, herunder inspektion 13. Parternes [&hellip;]<\/p>","protected":false},"author":1,"featured_media":0,"parent":0,"menu_order":0,"comment_status":"closed","ping_status":"closed","template":"","meta":{"_acf_changed":false,"footnotes":""},"class_list":["post-1209","page","type-page","status-publish","hentry"],"acf":[],"yoast_head":"<!-- This site is optimized with the Yoast SEO plugin v27.5 - https:\/\/yoast.com\/product\/yoast-seo-wordpress\/ -->\n<title>Databehandling - Mercan<\/title>\n<meta name=\"robots\" content=\"index, follow, max-snippet:-1, max-image-preview:large, max-video-preview:-1\" \/>\n<link rel=\"canonical\" href=\"https:\/\/mercan.nu\/en\/databehandling\/\" \/>\n<meta property=\"og:locale\" content=\"en_GB\" \/>\n<meta property=\"og:type\" content=\"article\" \/>\n<meta property=\"og:title\" content=\"Databehandling - Mercan\" \/>\n<meta property=\"og:description\" content=\"Databehandleraftale for Mercan ApS Indhold\u00a0 Pr\u00e6ambel 3. Den dataansvarliges rettigheder og forpligtelser 4. Databehandleren handler efter instruks 5. Fortrolighed 6. Behandlingssikkerhed 7. Anvendelse af underdatabehandlere 8. Overf\u00f8rsel til tredjelande eller internationale organisationer 9. Bistand til den dataansvarlige 10. Underretning om brud pa\u030a persondatasikkerheden 11. Sletning og returnering af oplysninger 12. Revision, herunder inspektion 13. Parternes [&hellip;]\" \/>\n<meta property=\"og:url\" content=\"https:\/\/mercan.nu\/en\/databehandling\/\" \/>\n<meta property=\"og:site_name\" content=\"Mercan\" \/>\n<meta property=\"article:modified_time\" content=\"2025-02-28T13:12:57+00:00\" \/>\n<meta name=\"twitter:card\" content=\"summary_large_image\" \/>\n<script type=\"application\/ld+json\" class=\"yoast-schema-graph\">{\"@context\":\"https:\\\/\\\/schema.org\",\"@graph\":[{\"@type\":\"WebPage\",\"@id\":\"https:\\\/\\\/mercan.nu\\\/databehandling\\\/\",\"url\":\"https:\\\/\\\/mercan.nu\\\/databehandling\\\/\",\"name\":\"Databehandling - Mercan\",\"isPartOf\":{\"@id\":\"https:\\\/\\\/mercan.nu\\\/#website\"},\"datePublished\":\"2025-02-28T12:46:44+00:00\",\"dateModified\":\"2025-02-28T13:12:57+00:00\",\"breadcrumb\":{\"@id\":\"https:\\\/\\\/mercan.nu\\\/databehandling\\\/#breadcrumb\"},\"inLanguage\":\"en-GB\",\"potentialAction\":[{\"@type\":\"ReadAction\",\"target\":[\"https:\\\/\\\/mercan.nu\\\/databehandling\\\/\"]}]},{\"@type\":\"BreadcrumbList\",\"@id\":\"https:\\\/\\\/mercan.nu\\\/databehandling\\\/#breadcrumb\",\"itemListElement\":[{\"@type\":\"ListItem\",\"position\":1,\"name\":\"Hjem\",\"item\":\"https:\\\/\\\/mercan.nu\\\/\"},{\"@type\":\"ListItem\",\"position\":2,\"name\":\"Databehandling\"}]},{\"@type\":\"WebSite\",\"@id\":\"https:\\\/\\\/mercan.nu\\\/#website\",\"url\":\"https:\\\/\\\/mercan.nu\\\/\",\"name\":\"Mercan\",\"description\":\"MERCAN er en app hvor du kan finde ledige tider hos lokale virksomheder. Undg\u00e5 tidsspild og f\u00e5 nye kunder.\",\"publisher\":{\"@id\":\"https:\\\/\\\/mercan.nu\\\/#organization\"},\"potentialAction\":[{\"@type\":\"SearchAction\",\"target\":{\"@type\":\"EntryPoint\",\"urlTemplate\":\"https:\\\/\\\/mercan.nu\\\/?s={search_term_string}\"},\"query-input\":{\"@type\":\"PropertyValueSpecification\",\"valueRequired\":true,\"valueName\":\"search_term_string\"}}],\"inLanguage\":\"en-GB\"},{\"@type\":\"Organization\",\"@id\":\"https:\\\/\\\/mercan.nu\\\/#organization\",\"name\":\"Mercan\",\"url\":\"https:\\\/\\\/mercan.nu\\\/\",\"logo\":{\"@type\":\"ImageObject\",\"inLanguage\":\"en-GB\",\"@id\":\"https:\\\/\\\/mercan.nu\\\/#\\\/schema\\\/logo\\\/image\\\/\",\"url\":\"https:\\\/\\\/mercan.nu\\\/wp-content\\\/uploads\\\/2025\\\/02\\\/main-logo.1bc2b827.svg\",\"contentUrl\":\"https:\\\/\\\/mercan.nu\\\/wp-content\\\/uploads\\\/2025\\\/02\\\/main-logo.1bc2b827.svg\",\"caption\":\"Mercan\"},\"image\":{\"@id\":\"https:\\\/\\\/mercan.nu\\\/#\\\/schema\\\/logo\\\/image\\\/\"}}]}<\/script>\n<!-- \/ Yoast SEO plugin. -->","yoast_head_json":{"title":"Databehandling - Mercan","robots":{"index":"index","follow":"follow","max-snippet":"max-snippet:-1","max-image-preview":"max-image-preview:large","max-video-preview":"max-video-preview:-1"},"canonical":"https:\/\/mercan.nu\/en\/databehandling\/","og_locale":"en_GB","og_type":"article","og_title":"Databehandling - Mercan","og_description":"Databehandleraftale for Mercan ApS Indhold\u00a0 Pr\u00e6ambel 3. Den dataansvarliges rettigheder og forpligtelser 4. Databehandleren handler efter instruks 5. Fortrolighed 6. Behandlingssikkerhed 7. Anvendelse af underdatabehandlere 8. Overf\u00f8rsel til tredjelande eller internationale organisationer 9. Bistand til den dataansvarlige 10. Underretning om brud pa\u030a persondatasikkerheden 11. Sletning og returnering af oplysninger 12. Revision, herunder inspektion 13. Parternes [&hellip;]","og_url":"https:\/\/mercan.nu\/en\/databehandling\/","og_site_name":"Mercan","article_modified_time":"2025-02-28T13:12:57+00:00","twitter_card":"summary_large_image","schema":{"@context":"https:\/\/schema.org","@graph":[{"@type":"WebPage","@id":"https:\/\/mercan.nu\/databehandling\/","url":"https:\/\/mercan.nu\/databehandling\/","name":"Databehandling - Mercan","isPartOf":{"@id":"https:\/\/mercan.nu\/#website"},"datePublished":"2025-02-28T12:46:44+00:00","dateModified":"2025-02-28T13:12:57+00:00","breadcrumb":{"@id":"https:\/\/mercan.nu\/databehandling\/#breadcrumb"},"inLanguage":"en-GB","potentialAction":[{"@type":"ReadAction","target":["https:\/\/mercan.nu\/databehandling\/"]}]},{"@type":"BreadcrumbList","@id":"https:\/\/mercan.nu\/databehandling\/#breadcrumb","itemListElement":[{"@type":"ListItem","position":1,"name":"Hjem","item":"https:\/\/mercan.nu\/"},{"@type":"ListItem","position":2,"name":"Databehandling"}]},{"@type":"WebSite","@id":"https:\/\/mercan.nu\/#website","url":"https:\/\/mercan.nu\/","name":"Mercan","description":"MERCAN er en app hvor du kan finde ledige tider hos lokale virksomheder. Undg\u00e5 tidsspild og f\u00e5 nye kunder.","publisher":{"@id":"https:\/\/mercan.nu\/#organization"},"potentialAction":[{"@type":"SearchAction","target":{"@type":"EntryPoint","urlTemplate":"https:\/\/mercan.nu\/?s={search_term_string}"},"query-input":{"@type":"PropertyValueSpecification","valueRequired":true,"valueName":"search_term_string"}}],"inLanguage":"en-GB"},{"@type":"Organization","@id":"https:\/\/mercan.nu\/#organization","name":"Mercan","url":"https:\/\/mercan.nu\/","logo":{"@type":"ImageObject","inLanguage":"en-GB","@id":"https:\/\/mercan.nu\/#\/schema\/logo\/image\/","url":"https:\/\/mercan.nu\/wp-content\/uploads\/2025\/02\/main-logo.1bc2b827.svg","contentUrl":"https:\/\/mercan.nu\/wp-content\/uploads\/2025\/02\/main-logo.1bc2b827.svg","caption":"Mercan"},"image":{"@id":"https:\/\/mercan.nu\/#\/schema\/logo\/image\/"}}]}},"_links":{"self":[{"href":"https:\/\/mercan.nu\/en\/wp-json\/wp\/v2\/pages\/1209","targetHints":{"allow":["GET"]}}],"collection":[{"href":"https:\/\/mercan.nu\/en\/wp-json\/wp\/v2\/pages"}],"about":[{"href":"https:\/\/mercan.nu\/en\/wp-json\/wp\/v2\/types\/page"}],"author":[{"embeddable":true,"href":"https:\/\/mercan.nu\/en\/wp-json\/wp\/v2\/users\/1"}],"replies":[{"embeddable":true,"href":"https:\/\/mercan.nu\/en\/wp-json\/wp\/v2\/comments?post=1209"}],"version-history":[{"count":0,"href":"https:\/\/mercan.nu\/en\/wp-json\/wp\/v2\/pages\/1209\/revisions"}],"wp:attachment":[{"href":"https:\/\/mercan.nu\/en\/wp-json\/wp\/v2\/media?parent=1209"}],"curies":[{"name":"wp","href":"https:\/\/api.w.org\/{rel}","templated":true}]}}